{"version":"1.0","provider_name":"Mais Magazine","provider_url":"https:\/\/maismagazine.pt","author_name":"Tiago Costa","author_url":"https:\/\/maismagazine.pt\/index.php\/author\/tiago\/","title":"Mais e melhor sa\u00fade oral. Os portugueses merecem! - Mais Magazine","type":"rich","width":600,"height":338,"html":"<blockquote class=\"wp-embedded-content\" data-secret=\"f2s8cekHTV\"><a href=\"https:\/\/maismagazine.pt\/index.php\/2025\/02\/21\/mais-e-melhor-saude-oral-os-portugueses-merecem\/\">Mais e melhor sa\u00fade oral. Os portugueses merecem!<\/a><\/blockquote><iframe sandbox=\"allow-scripts\" security=\"restricted\" src=\"https:\/\/maismagazine.pt\/index.php\/2025\/02\/21\/mais-e-melhor-saude-oral-os-portugueses-merecem\/embed\/#?secret=f2s8cekHTV\" width=\"600\" height=\"338\" title=\"&#8220;Mais e melhor sa\u00fade oral. Os portugueses merecem!&#8221; &#8212; Mais Magazine\" data-secret=\"f2s8cekHTV\" frameborder=\"0\" marginwidth=\"0\" marginheight=\"0\" scrolling=\"no\" class=\"wp-embedded-content\"><\/iframe><script type=\"text\/javascript\">\n\/* <![CDATA[ *\/\n\/*! This file is auto-generated *\/\n!function(d,l){\"use strict\";l.querySelector&&d.addEventListener&&\"undefined\"!=typeof URL&&(d.wp=d.wp||{},d.wp.receiveEmbedMessage||(d.wp.receiveEmbedMessage=function(e){var t=e.data;if((t||t.secret||t.message||t.value)&&!\/[^a-zA-Z0-9]\/.test(t.secret)){for(var s,r,n,a=l.querySelectorAll('iframe[data-secret=\"'+t.secret+'\"]'),o=l.querySelectorAll('blockquote[data-secret=\"'+t.secret+'\"]'),c=new RegExp(\"^https?:$\",\"i\"),i=0;i<o.length;i++)o[i].style.display=\"none\";for(i=0;i<a.length;i++)s=a[i],e.source===s.contentWindow&&(s.removeAttribute(\"style\"),\"height\"===t.message?(1e3<(r=parseInt(t.value,10))?r=1e3:~~r<200&&(r=200),s.height=r):\"link\"===t.message&&(r=new URL(s.getAttribute(\"src\")),n=new URL(t.value),c.test(n.protocol))&&n.host===r.host&&l.activeElement===s&&(d.top.location.href=t.value))}},d.addEventListener(\"message\",d.wp.receiveEmbedMessage,!1),l.addEventListener(\"DOMContentLoaded\",function(){for(var e,t,s=l.querySelectorAll(\"iframe.wp-embedded-content\"),r=0;r<s.length;r++)(t=(e=s[r]).getAttribute(\"data-secret\"))||(t=Math.random().toString(36).substring(2,12),e.src+=\"#?secret=\"+t,e.setAttribute(\"data-secret\",t)),e.contentWindow.postMessage({message:\"ready\",secret:t},\"*\")},!1)))}(window,document);\n\/* ]]> *\/\n<\/script>\n","thumbnail_url":"https:\/\/maismagazine.pt\/wp-content\/uploads\/2025\/02\/s-1.jpg","thumbnail_width":480,"thumbnail_height":480,"description":"Prote\u00e7\u00e3o da sa\u00fade. Este direito fundamental e ina-lien\u00e1vel, consagrado na Constitui\u00e7\u00e3o, \u00e9 assegurado na sua g\u00e9nese pelo Servi\u00e7o Nacional de Sa\u00fade (SNS), \u201ca trave-mestra do Estado Social e da democracia em Portugal\u201d, como descreveu Ant\u00f3nio Arnaut. Por\u00e9m, no que concerne \u00e0 sa\u00fade oral, a premissa de um servi\u00e7o de sa\u00fade universal est\u00e1 longe de ser rea-lidade. Quatro d\u00e9cadas depois, a sociedade \u2013 governos inclu\u00eddos \u2013 continua a ter dificuldade em ver a sa\u00fade oral como determinante para a sa\u00fade do nosso corpo, percecionando o seu impacto na sa\u00fade sist\u00e9mica, relegando para um plano marginal uma especialidade m\u00e9dica que desempenha uma fun\u00e7\u00e3o t\u00e3o importante como as demais para o total de anos de vida saud\u00e1vel. Prova disso s\u00e3o as conclus\u00f5es do Bar\u00f3metro da Sa\u00fade Oral da Ordem dos M\u00e9dicos Dentistas (OMD). Cerca de um milh\u00e3o de pessoas nunca v\u00e3o ou v\u00e3o menos de uma vez por ano ao m\u00e9dico dentista. Destas, 300 mil indicam n\u00e3o ter capacidade para recorrerem a tratamentos no setor privado, onde se enra\u00edza quase 98% da atividade da medicina dent\u00e1ria."}